{"id":11870,"date":"2025-10-05T02:29:00","date_gmt":"2025-10-05T05:29:00","guid":{"rendered":"https:\/\/tamojuntobb.com.br\/fortaleza\/?page_id=11870"},"modified":"2025-10-13T20:51:15","modified_gmt":"2025-10-13T23:51:15","slug":"manifesto","status":"publish","type":"page","link":"https:\/\/tamojuntobb.com.br\/fortaleza\/manifesto\/","title":{"rendered":""},"content":{"rendered":"\t\t<div data-elementor-type=\"wp-page\" data-elementor-id=\"11870\" class=\"elementor elementor-11870\">\n\t\t\t\t\t\t<section class=\"elementor-section elementor-top-section elementor-element elementor-element-ca7dd45 elementor-section-full_width elementor-section-height-default elementor-section-height-default qodef-elementor-container-no qodef-section qodef-parallax-section-holder-touch-disabled qodef-parallax-section-no qodef-section-with-no-shadow\" data-id=\"ca7dd45\" data-element_type=\"section\" data-settings=\"{&quot;background_background&quot;:&quot;classic&quot;}\">\n\t\t\t\t\t\t<div class=\"elementor-container elementor-column-gap-default\">\n\t\t\t\t\t<div class=\"elementor-column elementor-col-100 elementor-top-column elementor-element elementor-element-f8e5f50\" data-id=\"f8e5f50\" data-element_type=\"column\">\n\t\t\t<div class=\"elementor-widget-wrap elementor-element-populated\">\n\t\t\t\t\t\t<section class=\"elementor-section elementor-inner-section elementor-element elementor-element-452d305 elementor-section-full_width qodef-elementor-container-inner elementor-section-height-default elementor-section-height-default qodef-section qodef-parallax-section-holder-touch-disabled qodef-parallax-section-no qodef-section-with-no-shadow\" data-id=\"452d305\" data-element_type=\"section\">\n\t\t\t\t\t\t<div class=\"elementor-container elementor-column-gap-default\">\n\t\t\t\t\t<div class=\"elementor-column elementor-col-100 elementor-inner-column elementor-element elementor-element-0c5e8df\" data-id=\"0c5e8df\" data-element_type=\"column\">\n\t\t\t<div class=\"elementor-widget-wrap elementor-element-populated\">\n\t\t\t\t\t\t<div class=\"elementor-element elementor-element-b19e530 elementor-widget elementor-widget-text-editor\" data-id=\"b19e530\" data-element_type=\"widget\" data-widget_type=\"text-editor.default\">\n\t\t\t\t\t\t\t\t\t<h5><span style=\"color: #ffff00;\">MANIFESTO<\/span><\/h5>\t\t\t\t\t\t\t\t<\/div>\n\t\t\t\t<div class=\"elementor-element elementor-element-d499da6 elementor-widget elementor-widget-text-editor\" data-id=\"d499da6\" data-element_type=\"widget\" data-widget_type=\"text-editor.default\">\n\t\t\t\t\t\t\t\t\t<h2><span style=\"color: #ffffff;\">Quando todos est\u00e3o juntos, ningu\u00e9m fica de fora!<\/span><\/h2>\t\t\t\t\t\t\t\t<\/div>\n\t\t\t\t<div class=\"elementor-element elementor-element-de68635 elementor-widget elementor-widget-qodef_separator\" data-id=\"de68635\" data-element_type=\"widget\" data-widget_type=\"qodef_separator.default\">\n\t\t\t\t<div class=\"elementor-widget-container\">\n\t\t\t\t\t<div class=\"qodef-separator-holder clearfix  qodef-separator-left qodef-separator-normal\">\n\t<div class=\"qodef-separator\" style=\"border-color: #FFFFFF;width: 32px;border-bottom-width: 6px\"><\/div>\n<\/div>\n\t\t\t\t<\/div>\n\t\t\t\t<\/div>\n\t\t\t\t<div class=\"elementor-element elementor-element-3a7be26 elementor-widget elementor-widget-text-editor\" data-id=\"3a7be26\" data-element_type=\"widget\" data-widget_type=\"text-editor.default\">\n\t\t\t\t\t\t\t\t\t<p><span style=\"font-weight: 400; color: #ffffff;\">Esse \u00e9 o esp\u00edrito do Festival Tamo Junto BB 2025, que chega desta vez em Fortaleza, unindo o som da m\u00fasica ao ritmo dos esportes. \u00c9 mais que festival: \u00e9 encontro, \u00e9 atitude, \u00e9 a energia da galera vibrando em sintonia.<\/span><\/p><p><span style=\"font-weight: 400; color: #ffffff;\">De 10 a 14 de dezembro, o Marina Park Hotel e as lindas praias nordestinas ser\u00e3o palco de disputas eletrizantes e shows inesquec\u00edveis. Esporte, cultura e m\u00fasica se encontram para criar momentos que ficam na mem\u00f3ria e celebram a diversidade.<\/span><\/p><p><span style=\"font-weight: 400; color: #ffffff;\">Skate no ch\u00e3o e no ar, v\u00f4lei na areia, surfe nas ondas, corrida nas ruas e games na telona. Tudo gratuito, acess\u00edvel e solid\u00e1rio \u2014 basta doar alimentos para transformar divers\u00e3o em inclus\u00e3o social e gerar impacto real.<\/span><\/p><p><span style=\"font-weight: 400; color: #ffffff;\">Nos palcos, a batida \u00e9 intensa, com nomes fortes como Jo\u00e3o Gomes, Na\u00e7\u00e3o Zumbi, L7nnon, Marcelo Falc\u00e3o, Rachel Reis, Grupo Revela\u00e7\u00e3o, al\u00e9m do fen\u00f4meno Os Garotin com participa\u00e7\u00e3o de Melly.<\/span><\/p><p><span style=\"font-weight: 400; color: #ffffff;\">A intera\u00e7\u00e3o musical conta ainda com a nova sensa\u00e7\u00e3o do trap 2ZDinizz e a cantora Tali, voz do soul e R&amp;B, al\u00e9m da cena cearense com Matheus Fazeno Rock, Os Transacionais e Gabi no Quintal, mostrando que a m\u00fasica n\u00e3o tem fronteiras.<\/span><\/p><p><span style=\"font-weight: 400; color: #ffffff;\">Esse esp\u00edrito est\u00e1 conectado \u00e0s ODS da ONU: Fome Zero, Sa\u00fade e Bem-Estar, Redu\u00e7\u00e3o das Desigualdades e Cidades Sustent\u00e1veis. \u00c9 sobre jogar junto, cantar alto, doar de cora\u00e7\u00e3o e celebrar conquistas coletivas.\u00a0<\/span><\/p><p><span style=\"font-weight: 400; color: #ffffff;\">O Festival Tamo Junto BB \u00e9 um convite \u00e0 inclus\u00e3o socioambiental, \u00e0 qualidade de vida e \u00e0 diversidade art\u00edstica e cultural: venha vibrar, pular, cantar, correr, surfar, doar e acreditar. Porque quando todos est\u00e3o juntos, ningu\u00e9m fica de fora!<\/span><\/p>\t\t\t\t\t\t\t\t<\/div>\n\t\t\t\t\t<\/div>\n\t\t<\/div>\n\t\t\t\t\t<\/div>\n\t\t<\/section>\n\t\t\t\t\t<\/div>\n\t\t<\/div>\n\t\t\t\t\t<\/div>\n\t\t<\/section>\n\t\t\t\t<section class=\"elementor-section elementor-top-section elementor-element elementor-element-ec3a154 elementor-section-full_width qodef-elementor-container-inner elementor-section-height-default elementor-section-height-default qodef-section qodef-parallax-section-holder-touch-disabled qodef-parallax-section-no qodef-section-with-no-shadow\" data-id=\"ec3a154\" data-element_type=\"section\" data-settings=\"{&quot;background_background&quot;:&quot;classic&quot;}\">\n\t\t\t\t\t\t<div class=\"elementor-container elementor-column-gap-default\">\n\t\t\t\t\t<div class=\"elementor-column elementor-col-50 elementor-top-column elementor-element elementor-element-61c5a17\" data-id=\"61c5a17\" data-element_type=\"column\">\n\t\t\t<div class=\"elementor-widget-wrap elementor-element-populated\">\n\t\t\t\t\t\t<div class=\"elementor-element elementor-element-bc46a4f elementor-widget elementor-widget-image\" data-id=\"bc46a4f\" data-element_type=\"widget\" data-widget_type=\"image.default\">\n\t\t\t\t\t\t\t\t\t\t\t\t\t\t\t\t<a href=\"https:\/\/tamojuntobb.com.br\/fortaleza\/wp-content\/uploads\/2025\/10\/aSkate-Tamo-Junto-BB-scaled.jpg\" data-elementor-open-lightbox=\"yes\" data-elementor-lightbox-title=\"aSkate - Tamo Junto BB\" data-e-action-hash=\"#elementor-action%3Aaction%3Dlightbox%26settings%3DeyJpZCI6MTIxMzEsInVybCI6Imh0dHBzOlwvXC90YW1vanVudG9iYi5jb20uYnJcL2ZvcnRhbGV6YVwvd3AtY29udGVudFwvdXBsb2Fkc1wvMjAyNVwvMTBcL2FTa2F0ZS1UYW1vLUp1bnRvLUJCLXNjYWxlZC5qcGcifQ%3D%3D\">\n\t\t\t\t\t\t\t<img fetchpriority=\"high\" decoding=\"async\" width=\"2560\" height=\"1787\" src=\"https:\/\/tamojuntobb.com.br\/fortaleza\/wp-content\/uploads\/2025\/10\/aSkate-Tamo-Junto-BB-scaled.jpg\" class=\"attachment-full size-full wp-image-12131\" alt=\"\" srcset=\"https:\/\/tamojuntobb.com.br\/fortaleza\/wp-content\/uploads\/2025\/10\/aSkate-Tamo-Junto-BB-scaled.jpg 2560w, https:\/\/tamojuntobb.com.br\/fortaleza\/wp-content\/uploads\/2025\/10\/aSkate-Tamo-Junto-BB-300x209.jpg 300w, https:\/\/tamojuntobb.com.br\/fortaleza\/wp-content\/uploads\/2025\/10\/aSkate-Tamo-Junto-BB-1024x715.jpg 1024w, https:\/\/tamojuntobb.com.br\/fortaleza\/wp-content\/uploads\/2025\/10\/aSkate-Tamo-Junto-BB-768x536.jpg 768w, https:\/\/tamojuntobb.com.br\/fortaleza\/wp-content\/uploads\/2025\/10\/aSkate-Tamo-Junto-BB-1536x1072.jpg 1536w\" sizes=\"(max-width: 2560px) 100vw, 2560px\" \/>\t\t\t\t\t\t\t\t<\/a>\n\t\t\t\t\t\t\t\t\t\t\t\t\t\t\t<\/div>\n\t\t\t\t\t<\/div>\n\t\t<\/div>\n\t\t\t\t<div class=\"elementor-column elementor-col-50 elementor-top-column elementor-element elementor-element-09f9cb0\" data-id=\"09f9cb0\" data-element_type=\"column\">\n\t\t\t<div class=\"elementor-widget-wrap elementor-element-populated\">\n\t\t\t\t\t\t<div class=\"elementor-element elementor-element-3abce2a elementor-widget elementor-widget-text-editor\" data-id=\"3abce2a\" data-element_type=\"widget\" data-widget_type=\"text-editor.default\">\n\t\t\t\t\t\t\t\t\t<h5><span style=\"color: #0000ff;\">Responsabilidade Socioambiental<\/span><\/h5>\t\t\t\t\t\t\t\t<\/div>\n\t\t\t\t<div class=\"elementor-element elementor-element-d5aa07c elementor-widget elementor-widget-text-editor\" data-id=\"d5aa07c\" data-element_type=\"widget\" data-widget_type=\"text-editor.default\">\n\t\t\t\t\t\t\t\t\t<h3><span style=\"color: #333399;\">Cidadania e Intera\u00e7\u00e3o Social<\/span><\/h3>\t\t\t\t\t\t\t\t<\/div>\n\t\t\t\t<div class=\"elementor-element elementor-element-4e99f5c elementor-widget elementor-widget-text-editor\" data-id=\"4e99f5c\" data-element_type=\"widget\" data-widget_type=\"text-editor.default\">\n\t\t\t\t\t\t\t\t\t<p style=\"text-align: left;\"><span style=\"color: #000000;\">O Tamo Junto BB nasceu para promover a inclus\u00e3o com esporte, m\u00fasica e cidadania. Em cada edi\u00e7\u00e3o, mostra que um grande evento pode ser um motor de transforma\u00e7\u00e3o social, cultural e ambiental, alinhado \u00e0 Agenda 2030 da ONU e aos compromissos do Banco do Brasil com os Objetivos de Desenvolvimento Sustent\u00e1vel (ODS).<\/span><\/p>\t\t\t\t\t\t\t\t<\/div>\n\t\t\t\t<div class=\"elementor-element elementor-element-232d314 elementor-widget__width-auto elementor-widget elementor-widget-qodef_icon\" data-id=\"232d314\" data-element_type=\"widget\" data-widget_type=\"qodef_icon.default\">\n\t\t\t\t<div class=\"elementor-widget-container\">\n\t\t\t\t\t\n    <span class=\"qodef-icon-shortcode normal\"  data-hover-color=\"#000000\" data-color=\"#246BE5\">\n                    <a href=\"https:\/\/www.instagram.com\/festivaltamojuntobb\/\" target=\"_blank\">\n        \n        <span aria-hidden=\"true\" class=\"qodef-icon-font-elegant social_instagram qodef-icon-element\" style=\"color: #246BE5;font-size:14px\" ><\/span>\n                    <\/a>\n            <\/span>\n\n\t\t\t\t<\/div>\n\t\t\t\t<\/div>\n\t\t\t\t<div class=\"elementor-element elementor-element-1be3041 elementor-widget__width-auto elementor-widget elementor-widget-qodef_icon\" data-id=\"1be3041\" data-element_type=\"widget\" data-widget_type=\"qodef_icon.default\">\n\t\t\t\t<div class=\"elementor-widget-container\">\n\t\t\t\t\t\n    <span class=\"qodef-icon-shortcode normal\"  data-hover-color=\"#000000\" data-color=\"#246BE5\">\n                    <a href=\"https:\/\/www.facebook.com\/profile.php?id=61581304812478\" target=\"_blank\">\n        \n        <span aria-hidden=\"true\" class=\"qodef-icon-font-elegant social_facebook qodef-icon-element\" style=\"color: #246BE5;font-size:14px\" ><\/span>\n                    <\/a>\n            <\/span>\n\n\t\t\t\t<\/div>\n\t\t\t\t<\/div>\n\t\t\t\t\t<\/div>\n\t\t<\/div>\n\t\t\t\t\t<\/div>\n\t\t<\/section>\n\t\t\t\t<section class=\"elementor-section elementor-top-section elementor-element elementor-element-8ba6eb3 elementor-section-full_width qodef-elementor-container-inner elementor-section-height-default elementor-section-height-default qodef-section qodef-parallax-section-holder-touch-disabled qodef-parallax-section-no qodef-section-with-no-shadow\" data-id=\"8ba6eb3\" data-element_type=\"section\" data-settings=\"{&quot;background_background&quot;:&quot;classic&quot;}\">\n\t\t\t\t\t\t<div class=\"elementor-container elementor-column-gap-default\">\n\t\t\t\t\t<div class=\"elementor-column elementor-col-50 elementor-top-column elementor-element elementor-element-3e9f833\" data-id=\"3e9f833\" data-element_type=\"column\">\n\t\t\t<div class=\"elementor-widget-wrap elementor-element-populated\">\n\t\t\t\t\t\t<div class=\"elementor-element elementor-element-608479d elementor-widget elementor-widget-image\" data-id=\"608479d\" data-element_type=\"widget\" data-widget_type=\"image.default\">\n\t\t\t\t\t\t\t\t\t\t\t\t\t\t\t\t<a href=\"https:\/\/tamojuntobb.com.br\/fortaleza\/wp-content\/uploads\/2025\/10\/Tamo-Junto-BB-@opedrovictor--scaled.jpg\" data-elementor-open-lightbox=\"yes\" data-elementor-lightbox-title=\"Tamo Junto BB - @opedrovictor\" data-e-action-hash=\"#elementor-action%3Aaction%3Dlightbox%26settings%3DeyJpZCI6MTIwOTEsInVybCI6Imh0dHBzOlwvXC90YW1vanVudG9iYi5jb20uYnJcL2ZvcnRhbGV6YVwvd3AtY29udGVudFwvdXBsb2Fkc1wvMjAyNVwvMTBcL1RhbW8tSnVudG8tQkItQG9wZWRyb3ZpY3Rvci0tc2NhbGVkLmpwZyJ9\">\n\t\t\t\t\t\t\t<img decoding=\"async\" width=\"2560\" height=\"1707\" src=\"https:\/\/tamojuntobb.com.br\/fortaleza\/wp-content\/uploads\/2025\/10\/Tamo-Junto-BB-@opedrovictor--scaled.jpg\" class=\"attachment-full size-full wp-image-12091\" alt=\"\" srcset=\"https:\/\/tamojuntobb.com.br\/fortaleza\/wp-content\/uploads\/2025\/10\/Tamo-Junto-BB-@opedrovictor--scaled.jpg 2560w, https:\/\/tamojuntobb.com.br\/fortaleza\/wp-content\/uploads\/2025\/10\/Tamo-Junto-BB-@opedrovictor--300x200.jpg 300w, https:\/\/tamojuntobb.com.br\/fortaleza\/wp-content\/uploads\/2025\/10\/Tamo-Junto-BB-@opedrovictor--1024x683.jpg 1024w, https:\/\/tamojuntobb.com.br\/fortaleza\/wp-content\/uploads\/2025\/10\/Tamo-Junto-BB-@opedrovictor--768x512.jpg 768w, https:\/\/tamojuntobb.com.br\/fortaleza\/wp-content\/uploads\/2025\/10\/Tamo-Junto-BB-@opedrovictor--1536x1024.jpg 1536w\" sizes=\"(max-width: 2560px) 100vw, 2560px\" \/>\t\t\t\t\t\t\t\t<\/a>\n\t\t\t\t\t\t\t\t\t\t\t\t\t\t\t<\/div>\n\t\t\t\t\t<\/div>\n\t\t<\/div>\n\t\t\t\t<div class=\"elementor-column elementor-col-50 elementor-top-column elementor-element elementor-element-0a9699f\" data-id=\"0a9699f\" data-element_type=\"column\">\n\t\t\t<div class=\"elementor-widget-wrap elementor-element-populated\">\n\t\t\t\t\t\t<div class=\"elementor-element elementor-element-c2c7111 elementor-widget elementor-widget-text-editor\" data-id=\"c2c7111\" data-element_type=\"widget\" data-widget_type=\"text-editor.default\">\n\t\t\t\t\t\t\t\t\t<h5><span style=\"color: #0000ff;\">Atitude &#8211; Energia &#8211; Vibra\u00e7\u00e3o<\/span><\/h5>\t\t\t\t\t\t\t\t<\/div>\n\t\t\t\t<div class=\"elementor-element elementor-element-401f671 elementor-widget elementor-widget-text-editor\" data-id=\"401f671\" data-element_type=\"widget\" data-widget_type=\"text-editor.default\">\n\t\t\t\t\t\t\t\t\t<h3><span style=\"color: #333399;\">Sa\u00fade e Bem-estar<\/span><\/h3>\t\t\t\t\t\t\t\t<\/div>\n\t\t\t\t<div class=\"elementor-element elementor-element-ab1b985 elementor-widget elementor-widget-text-editor\" data-id=\"ab1b985\" data-element_type=\"widget\" data-widget_type=\"text-editor.default\">\n\t\t\t\t\t\t\t\t\t<p style=\"text-align: left;\"><span style=\"color: #808080;\">O festival Tamo Junto BB refor\u00e7a os ODS da ONU, como Sa\u00fade e Bem-estar, Fome Zero, Redu\u00e7\u00e3o das Desigualdades e Cidades Sustent\u00e1veis. Mais que divers\u00e3o, ele incentiva h\u00e1bitos saud\u00e1veis, solidariedade e inclus\u00e3o social. \u00c9 um espa\u00e7o de encontros, cultura, dignidade, diversidade e cidadania.<\/span><\/p>\t\t\t\t\t\t\t\t<\/div>\n\t\t\t\t<div class=\"elementor-element elementor-element-4be7d3f elementor-widget__width-auto elementor-widget elementor-widget-qodef_icon\" data-id=\"4be7d3f\" data-element_type=\"widget\" data-widget_type=\"qodef_icon.default\">\n\t\t\t\t<div class=\"elementor-widget-container\">\n\t\t\t\t\t\n    <span class=\"qodef-icon-shortcode normal\"  data-hover-color=\"#000000\" data-color=\"#246BE5\">\n                    <a href=\"https:\/\/www.instagram.com\/festivaltamojuntobb\/\" target=\"_blank\">\n        \n        <span aria-hidden=\"true\" class=\"qodef-icon-font-elegant social_instagram qodef-icon-element\" style=\"color: #246BE5;font-size:14px\" ><\/span>\n                    <\/a>\n            <\/span>\n\n\t\t\t\t<\/div>\n\t\t\t\t<\/div>\n\t\t\t\t<div class=\"elementor-element elementor-element-5c3f1f0 elementor-widget__width-auto elementor-widget elementor-widget-qodef_icon\" data-id=\"5c3f1f0\" data-element_type=\"widget\" data-widget_type=\"qodef_icon.default\">\n\t\t\t\t<div class=\"elementor-widget-container\">\n\t\t\t\t\t\n    <span class=\"qodef-icon-shortcode normal\"  data-hover-color=\"#000000\" data-color=\"#246BE5\">\n                    <a href=\"https:\/\/www.facebook.com\/profile.php?id=61581304812478\" target=\"_blank\">\n        \n        <span aria-hidden=\"true\" class=\"qodef-icon-font-elegant social_facebook qodef-icon-element\" style=\"color: #246BE5;font-size:14px\" ><\/span>\n                    <\/a>\n            <\/span>\n\n\t\t\t\t<\/div>\n\t\t\t\t<\/div>\n\t\t\t\t\t<\/div>\n\t\t<\/div>\n\t\t\t\t\t<\/div>\n\t\t<\/section>\n\t\t\t\t<section class=\"elementor-section elementor-top-section elementor-element elementor-element-5ee7eb8 elementor-section-full_width qodef-elementor-container-inner elementor-section-height-default elementor-section-height-default qodef-section qodef-parallax-section-holder-touch-disabled qodef-parallax-section-no qodef-section-with-no-shadow\" data-id=\"5ee7eb8\" data-element_type=\"section\" data-settings=\"{&quot;background_background&quot;:&quot;classic&quot;}\">\n\t\t\t\t\t\t<div class=\"elementor-container elementor-column-gap-default\">\n\t\t\t\t\t<div class=\"elementor-column elementor-col-50 elementor-top-column elementor-element elementor-element-a0fc805\" data-id=\"a0fc805\" data-element_type=\"column\">\n\t\t\t<div class=\"elementor-widget-wrap elementor-element-populated\">\n\t\t\t\t\t\t<div class=\"elementor-element elementor-element-077c9c0 elementor-widget elementor-widget-image\" data-id=\"077c9c0\" data-element_type=\"widget\" data-widget_type=\"image.default\">\n\t\t\t\t\t\t\t\t\t\t\t\t\t\t\t\t<a href=\"https:\/\/tamojuntobb.com.br\/fortaleza\/wp-content\/uploads\/2025\/10\/Corrida-de-Rua-Festival-Tamo-Junto-BB-scaled.jpg\" data-elementor-open-lightbox=\"yes\" data-elementor-lightbox-title=\"Corrida de Rua - Festival Tamo Junto BB\" data-e-action-hash=\"#elementor-action%3Aaction%3Dlightbox%26settings%3DeyJpZCI6MTIwNzUsInVybCI6Imh0dHBzOlwvXC90YW1vanVudG9iYi5jb20uYnJcL2ZvcnRhbGV6YVwvd3AtY29udGVudFwvdXBsb2Fkc1wvMjAyNVwvMTBcL0NvcnJpZGEtZGUtUnVhLUZlc3RpdmFsLVRhbW8tSnVudG8tQkItc2NhbGVkLmpwZyJ9\">\n\t\t\t\t\t\t\t<img decoding=\"async\" width=\"2560\" height=\"1707\" src=\"https:\/\/tamojuntobb.com.br\/fortaleza\/wp-content\/uploads\/2025\/10\/Corrida-de-Rua-Festival-Tamo-Junto-BB-scaled.jpg\" class=\"attachment-full size-full wp-image-12075\" alt=\"\" srcset=\"https:\/\/tamojuntobb.com.br\/fortaleza\/wp-content\/uploads\/2025\/10\/Corrida-de-Rua-Festival-Tamo-Junto-BB-scaled.jpg 2560w, https:\/\/tamojuntobb.com.br\/fortaleza\/wp-content\/uploads\/2025\/10\/Corrida-de-Rua-Festival-Tamo-Junto-BB-300x200.jpg 300w, https:\/\/tamojuntobb.com.br\/fortaleza\/wp-content\/uploads\/2025\/10\/Corrida-de-Rua-Festival-Tamo-Junto-BB-1024x683.jpg 1024w, https:\/\/tamojuntobb.com.br\/fortaleza\/wp-content\/uploads\/2025\/10\/Corrida-de-Rua-Festival-Tamo-Junto-BB-768x512.jpg 768w, https:\/\/tamojuntobb.com.br\/fortaleza\/wp-content\/uploads\/2025\/10\/Corrida-de-Rua-Festival-Tamo-Junto-BB-1536x1024.jpg 1536w\" sizes=\"(max-width: 2560px) 100vw, 2560px\" \/>\t\t\t\t\t\t\t\t<\/a>\n\t\t\t\t\t\t\t\t\t\t\t\t\t\t\t<\/div>\n\t\t\t\t\t<\/div>\n\t\t<\/div>\n\t\t\t\t<div class=\"elementor-column elementor-col-50 elementor-top-column elementor-element elementor-element-128fb88\" data-id=\"128fb88\" data-element_type=\"column\">\n\t\t\t<div class=\"elementor-widget-wrap elementor-element-populated\">\n\t\t\t\t\t\t<div class=\"elementor-element elementor-element-39c3f1e elementor-widget elementor-widget-text-editor\" data-id=\"39c3f1e\" data-element_type=\"widget\" data-widget_type=\"text-editor.default\">\n\t\t\t\t\t\t\t\t\t<h5><span style=\"color: #0000ff;\">Gera\u00e7\u00e3o de Impacto Positivo<\/span><\/h5>\t\t\t\t\t\t\t\t<\/div>\n\t\t\t\t<div class=\"elementor-element elementor-element-04cf0e5 elementor-widget elementor-widget-text-editor\" data-id=\"04cf0e5\" data-element_type=\"widget\" data-widget_type=\"text-editor.default\">\n\t\t\t\t\t\t\t\t\t<h3><span style=\"color: #333399;\">Acesso Democr\u00e1tico<\/span><\/h3>\t\t\t\t\t\t\t\t<\/div>\n\t\t\t\t<div class=\"elementor-element elementor-element-536c32d elementor-widget elementor-widget-text-editor\" data-id=\"536c32d\" data-element_type=\"widget\" data-widget_type=\"text-editor.default\">\n\t\t\t\t\t\t\t\t\t<p><span style=\"font-weight: 400; color: #000000;\">Em 2024, o ingresso foi gratuito mediante a doa\u00e7\u00e3o de alimentos, garantindo a participa\u00e7\u00e3o de todos e, ao mesmo tempo, beneficiando centenas de fam\u00edlias em situa\u00e7\u00e3o de vulnerabilidade social. A a\u00e7\u00e3o refor\u00e7ou o compromisso do evento com o ODS 2 \u2013 Fome Zero e o ODS 10 \u2013 Redu\u00e7\u00e3o das Desigualdades.<\/span><\/p>\t\t\t\t\t\t\t\t<\/div>\n\t\t\t\t<div class=\"elementor-element elementor-element-b1a041c elementor-widget__width-auto elementor-widget elementor-widget-qodef_icon\" data-id=\"b1a041c\" data-element_type=\"widget\" data-widget_type=\"qodef_icon.default\">\n\t\t\t\t<div class=\"elementor-widget-container\">\n\t\t\t\t\t\n    <span class=\"qodef-icon-shortcode normal\"  data-hover-color=\"#000000\" data-color=\"#246BE5\">\n                    <a href=\"https:\/\/www.instagram.com\/festivaltamojuntobb\/\" target=\"_blank\">\n        \n        <span aria-hidden=\"true\" class=\"qodef-icon-font-elegant social_instagram qodef-icon-element\" style=\"color: #246BE5;font-size:14px\" ><\/span>\n                    <\/a>\n            <\/span>\n\n\t\t\t\t<\/div>\n\t\t\t\t<\/div>\n\t\t\t\t<div class=\"elementor-element elementor-element-369e19a elementor-widget__width-auto elementor-widget elementor-widget-qodef_icon\" data-id=\"369e19a\" data-element_type=\"widget\" data-widget_type=\"qodef_icon.default\">\n\t\t\t\t<div class=\"elementor-widget-container\">\n\t\t\t\t\t\n    <span class=\"qodef-icon-shortcode normal\"  data-hover-color=\"#000000\" data-color=\"#246BE5\">\n                    <a href=\"https:\/\/www.facebook.com\/profile.php?id=61581304812478\" target=\"_blank\">\n        \n        <span aria-hidden=\"true\" class=\"qodef-icon-font-elegant social_facebook qodef-icon-element\" style=\"color: #246BE5;font-size:14px\" ><\/span>\n                    <\/a>\n            <\/span>\n\n\t\t\t\t<\/div>\n\t\t\t\t<\/div>\n\t\t\t\t\t<\/div>\n\t\t<\/div>\n\t\t\t\t\t<\/div>\n\t\t<\/section>\n\t\t\t\t<section class=\"elementor-section elementor-top-section elementor-element elementor-element-6c1c8d4 elementor-section-full_width qodef-elementor-container-inner elementor-section-height-default elementor-section-height-default qodef-section qodef-parallax-section-holder-touch-disabled qodef-parallax-section-no qodef-section-with-no-shadow\" data-id=\"6c1c8d4\" data-element_type=\"section\" data-settings=\"{&quot;background_background&quot;:&quot;classic&quot;}\">\n\t\t\t\t\t\t<div class=\"elementor-container elementor-column-gap-default\">\n\t\t\t\t\t<div class=\"elementor-column elementor-col-50 elementor-top-column elementor-element elementor-element-50986e4\" data-id=\"50986e4\" data-element_type=\"column\">\n\t\t\t<div class=\"elementor-widget-wrap elementor-element-populated\">\n\t\t\t\t\t\t<div class=\"elementor-element elementor-element-19edefd elementor-widget elementor-widget-image\" data-id=\"19edefd\" data-element_type=\"widget\" data-widget_type=\"image.default\">\n\t\t\t\t\t\t\t\t\t\t\t\t\t\t\t\t<a href=\"https:\/\/tamojuntobb.com.br\/fortaleza\/wp-content\/uploads\/2025\/10\/SolAguirre_CircuitoBBdeSurfeNatal_AlekoStergiou-scaled.jpg\" data-elementor-open-lightbox=\"yes\" data-elementor-lightbox-title=\"SolAguirre_CircuitoBBdeSurfeNatal_AlekoStergiou\" data-e-action-hash=\"#elementor-action%3Aaction%3Dlightbox%26settings%3DeyJpZCI6MTIwOTgsInVybCI6Imh0dHBzOlwvXC90YW1vanVudG9iYi5jb20uYnJcL2ZvcnRhbGV6YVwvd3AtY29udGVudFwvdXBsb2Fkc1wvMjAyNVwvMTBcL1NvbEFndWlycmVfQ2lyY3VpdG9CQmRlU3VyZmVOYXRhbF9BbGVrb1N0ZXJnaW91LXNjYWxlZC5qcGcifQ%3D%3D\">\n\t\t\t\t\t\t\t<img loading=\"lazy\" decoding=\"async\" width=\"2560\" height=\"1706\" src=\"https:\/\/tamojuntobb.com.br\/fortaleza\/wp-content\/uploads\/2025\/10\/SolAguirre_CircuitoBBdeSurfeNatal_AlekoStergiou-scaled.jpg\" class=\"attachment-full size-full wp-image-12098\" alt=\"\" srcset=\"https:\/\/tamojuntobb.com.br\/fortaleza\/wp-content\/uploads\/2025\/10\/SolAguirre_CircuitoBBdeSurfeNatal_AlekoStergiou-scaled.jpg 2560w, https:\/\/tamojuntobb.com.br\/fortaleza\/wp-content\/uploads\/2025\/10\/SolAguirre_CircuitoBBdeSurfeNatal_AlekoStergiou-300x200.jpg 300w, https:\/\/tamojuntobb.com.br\/fortaleza\/wp-content\/uploads\/2025\/10\/SolAguirre_CircuitoBBdeSurfeNatal_AlekoStergiou-1024x682.jpg 1024w, https:\/\/tamojuntobb.com.br\/fortaleza\/wp-content\/uploads\/2025\/10\/SolAguirre_CircuitoBBdeSurfeNatal_AlekoStergiou-768x512.jpg 768w, https:\/\/tamojuntobb.com.br\/fortaleza\/wp-content\/uploads\/2025\/10\/SolAguirre_CircuitoBBdeSurfeNatal_AlekoStergiou-1536x1024.jpg 1536w\" sizes=\"(max-width: 2560px) 100vw, 2560px\" \/>\t\t\t\t\t\t\t\t<\/a>\n\t\t\t\t\t\t\t\t\t\t\t\t\t\t\t<\/div>\n\t\t\t\t\t<\/div>\n\t\t<\/div>\n\t\t\t\t<div class=\"elementor-column elementor-col-50 elementor-top-column elementor-element elementor-element-a9589aa\" data-id=\"a9589aa\" data-element_type=\"column\">\n\t\t\t<div class=\"elementor-widget-wrap elementor-element-populated\">\n\t\t\t\t\t\t<div class=\"elementor-element elementor-element-3f38b9e elementor-widget elementor-widget-text-editor\" data-id=\"3f38b9e\" data-element_type=\"widget\" data-widget_type=\"text-editor.default\">\n\t\t\t\t\t\t\t\t\t<h5><span style=\"color: #0000ff;\">Comunidades Sustent\u00e1veis<\/span><\/h5>\t\t\t\t\t\t\t\t<\/div>\n\t\t\t\t<div class=\"elementor-element elementor-element-5566178 elementor-widget elementor-widget-text-editor\" data-id=\"5566178\" data-element_type=\"widget\" data-widget_type=\"text-editor.default\">\n\t\t\t\t\t\t\t\t\t<h3><span style=\"color: #333399;\">Esporte e Cultura<\/span><\/h3>\t\t\t\t\t\t\t\t<\/div>\n\t\t\t\t<div class=\"elementor-element elementor-element-7924f22 elementor-widget elementor-widget-text-editor\" data-id=\"7924f22\" data-element_type=\"widget\" data-widget_type=\"text-editor.default\">\n\t\t\t\t\t\t\t\t\t<p style=\"text-align: left;\"><span style=\"color: #808080;\">A combina\u00e7\u00e3o de atividades esportivas com a\u00e7\u00f5es culturais valoriza o ODS 11 \u2013 Cidades e Comunidades Sustent\u00e1veis, ao ocupar espa\u00e7os p\u00fablicos com atividades que promovem qualidade de vida. A a\u00e7\u00e3o tamb\u00e9m refor\u00e7a o ODS 3 \u2013 Sa\u00fade e Bem-Estar junto aos cidad\u00e3os.<\/span><\/p>\t\t\t\t\t\t\t\t<\/div>\n\t\t\t\t<div class=\"elementor-element elementor-element-7fb21ca elementor-widget__width-auto elementor-widget elementor-widget-qodef_icon\" data-id=\"7fb21ca\" data-element_type=\"widget\" data-widget_type=\"qodef_icon.default\">\n\t\t\t\t<div class=\"elementor-widget-container\">\n\t\t\t\t\t\n    <span class=\"qodef-icon-shortcode normal\"  data-hover-color=\"#000000\" data-color=\"#246BE5\">\n                    <a href=\"https:\/\/www.instagram.com\/festivaltamojuntobb\/\" target=\"_blank\">\n        \n        <span aria-hidden=\"true\" class=\"qodef-icon-font-elegant social_instagram qodef-icon-element\" style=\"color: #246BE5;font-size:14px\" ><\/span>\n                    <\/a>\n            <\/span>\n\n\t\t\t\t<\/div>\n\t\t\t\t<\/div>\n\t\t\t\t<div class=\"elementor-element elementor-element-b7b6dd6 elementor-widget__width-auto elementor-widget elementor-widget-qodef_icon\" data-id=\"b7b6dd6\" data-element_type=\"widget\" data-widget_type=\"qodef_icon.default\">\n\t\t\t\t<div class=\"elementor-widget-container\">\n\t\t\t\t\t\n    <span class=\"qodef-icon-shortcode normal\"  data-hover-color=\"#000000\" data-color=\"#246BE5\">\n                    <a href=\"https:\/\/www.facebook.com\/profile.php?id=61581304812478\" target=\"_blank\">\n        \n        <span aria-hidden=\"true\" class=\"qodef-icon-font-elegant social_facebook qodef-icon-element\" style=\"color: #246BE5;font-size:14px\" ><\/span>\n                    <\/a>\n            <\/span>\n\n\t\t\t\t<\/div>\n\t\t\t\t<\/div>\n\t\t\t\t\t<\/div>\n\t\t<\/div>\n\t\t\t\t\t<\/div>\n\t\t<\/section>\n\t\t\t\t<section class=\"elementor-section elementor-top-section elementor-element elementor-element-d08a0eb elementor-section-full_width qodef-elementor-container-inner elementor-section-height-default elementor-section-height-default qodef-section qodef-parallax-section-holder-touch-disabled qodef-parallax-section-no qodef-section-with-no-shadow\" data-id=\"d08a0eb\" data-element_type=\"section\" data-settings=\"{&quot;background_background&quot;:&quot;classic&quot;}\">\n\t\t\t\t\t\t<div class=\"elementor-container elementor-column-gap-default\">\n\t\t\t\t\t<div class=\"elementor-column elementor-col-50 elementor-top-column elementor-element elementor-element-1ddd969\" data-id=\"1ddd969\" data-element_type=\"column\">\n\t\t\t<div class=\"elementor-widget-wrap elementor-element-populated\">\n\t\t\t\t\t\t<div class=\"elementor-element elementor-element-9ae6c8a elementor-widget elementor-widget-image\" data-id=\"9ae6c8a\" data-element_type=\"widget\" data-widget_type=\"image.default\">\n\t\t\t\t\t\t\t\t\t\t\t\t\t\t\t\t<a href=\"https:\/\/tamojuntobb.com.br\/fortaleza\/wp-content\/uploads\/2025\/10\/Tamo-Junto-BB-@opedrogarcia__-108-scaled.jpg\" data-elementor-open-lightbox=\"yes\" data-elementor-lightbox-title=\"Tamo Junto BB @opedrogarcia\" data-e-action-hash=\"#elementor-action%3Aaction%3Dlightbox%26settings%3DeyJpZCI6MTIxMTEsInVybCI6Imh0dHBzOlwvXC90YW1vanVudG9iYi5jb20uYnJcL2ZvcnRhbGV6YVwvd3AtY29udGVudFwvdXBsb2Fkc1wvMjAyNVwvMTBcL1RhbW8tSnVudG8tQkItQG9wZWRyb2dhcmNpYV9fLTEwOC1zY2FsZWQuanBnIn0%3D\">\n\t\t\t\t\t\t\t<img loading=\"lazy\" decoding=\"async\" width=\"2560\" height=\"1707\" src=\"https:\/\/tamojuntobb.com.br\/fortaleza\/wp-content\/uploads\/2025\/10\/Tamo-Junto-BB-@opedrogarcia__-108-scaled.jpg\" class=\"attachment-full size-full wp-image-12111\" alt=\"\" srcset=\"https:\/\/tamojuntobb.com.br\/fortaleza\/wp-content\/uploads\/2025\/10\/Tamo-Junto-BB-@opedrogarcia__-108-scaled.jpg 2560w, https:\/\/tamojuntobb.com.br\/fortaleza\/wp-content\/uploads\/2025\/10\/Tamo-Junto-BB-@opedrogarcia__-108-300x200.jpg 300w, https:\/\/tamojuntobb.com.br\/fortaleza\/wp-content\/uploads\/2025\/10\/Tamo-Junto-BB-@opedrogarcia__-108-1024x683.jpg 1024w, https:\/\/tamojuntobb.com.br\/fortaleza\/wp-content\/uploads\/2025\/10\/Tamo-Junto-BB-@opedrogarcia__-108-768x512.jpg 768w, https:\/\/tamojuntobb.com.br\/fortaleza\/wp-content\/uploads\/2025\/10\/Tamo-Junto-BB-@opedrogarcia__-108-1536x1024.jpg 1536w\" sizes=\"(max-width: 2560px) 100vw, 2560px\" \/>\t\t\t\t\t\t\t\t<\/a>\n\t\t\t\t\t\t\t\t\t\t\t\t\t\t\t<\/div>\n\t\t\t\t\t<\/div>\n\t\t<\/div>\n\t\t\t\t<div class=\"elementor-column elementor-col-50 elementor-top-column elementor-element elementor-element-3986df7\" data-id=\"3986df7\" data-element_type=\"column\">\n\t\t\t<div class=\"elementor-widget-wrap elementor-element-populated\">\n\t\t\t\t\t\t<div class=\"elementor-element elementor-element-87f9b24 elementor-widget elementor-widget-text-editor\" data-id=\"87f9b24\" data-element_type=\"widget\" data-widget_type=\"text-editor.default\">\n\t\t\t\t\t\t\t\t\t<h5><span style=\"color: #0000ff;\">Diversidade e Direitos Humanos<\/span><\/h5>\t\t\t\t\t\t\t\t<\/div>\n\t\t\t\t<div class=\"elementor-element elementor-element-a3eaf83 elementor-widget elementor-widget-text-editor\" data-id=\"a3eaf83\" data-element_type=\"widget\" data-widget_type=\"text-editor.default\">\n\t\t\t\t\t\t\t\t\t<h3><span style=\"color: #333399;\">Justi\u00e7a e Cidadania<\/span><\/h3>\t\t\t\t\t\t\t\t<\/div>\n\t\t\t\t<div class=\"elementor-element elementor-element-fdededb elementor-widget elementor-widget-text-editor\" data-id=\"fdededb\" data-element_type=\"widget\" data-widget_type=\"text-editor.default\">\n\t\t\t\t\t\t\t\t\t<p><span style=\"color: #000000;\">Em 2024, o BB lan\u00e7ou seu Protocolo Antidiscrimina\u00e7\u00e3o, fortalecendo pol\u00edticas de respeito \u00e0 diversidade, equidade e direitos humanos. Isso conecta diretamente com os ODS 5 (Igualdade de G\u00eanero), 10(Redu\u00e7\u00e3o das Desigualdades) e 16 (Paz, Justi\u00e7a e Institui\u00e7\u00f5es Eficazes).<\/span><\/p>\t\t\t\t\t\t\t\t<\/div>\n\t\t\t\t<div class=\"elementor-element elementor-element-a1e0d5f elementor-widget__width-auto elementor-widget elementor-widget-qodef_icon\" data-id=\"a1e0d5f\" data-element_type=\"widget\" data-widget_type=\"qodef_icon.default\">\n\t\t\t\t<div class=\"elementor-widget-container\">\n\t\t\t\t\t\n    <span class=\"qodef-icon-shortcode normal\"  data-hover-color=\"#000000\" data-color=\"#246BE5\">\n                    <a href=\"https:\/\/www.instagram.com\/festivaltamojuntobb\/\" target=\"_blank\">\n        \n        <span aria-hidden=\"true\" class=\"qodef-icon-font-elegant social_instagram qodef-icon-element\" style=\"color: #246BE5;font-size:14px\" ><\/span>\n                    <\/a>\n            <\/span>\n\n\t\t\t\t<\/div>\n\t\t\t\t<\/div>\n\t\t\t\t<div class=\"elementor-element elementor-element-3f014ec elementor-widget__width-auto elementor-widget elementor-widget-qodef_icon\" data-id=\"3f014ec\" data-element_type=\"widget\" data-widget_type=\"qodef_icon.default\">\n\t\t\t\t<div class=\"elementor-widget-container\">\n\t\t\t\t\t\n    <span class=\"qodef-icon-shortcode normal\"  data-hover-color=\"#000000\" data-color=\"#246BE5\">\n                    <a href=\"https:\/\/www.facebook.com\/profile.php?id=61581304812478\" target=\"_blank\">\n        \n        <span aria-hidden=\"true\" class=\"qodef-icon-font-elegant social_facebook qodef-icon-element\" style=\"color: #246BE5;font-size:14px\" ><\/span>\n                    <\/a>\n            <\/span>\n\n\t\t\t\t<\/div>\n\t\t\t\t<\/div>\n\t\t\t\t\t<\/div>\n\t\t<\/div>\n\t\t\t\t\t<\/div>\n\t\t<\/section>\n\t\t\t\t<section class=\"elementor-section elementor-top-section elementor-element elementor-element-d231e74 elementor-section-full_width qodef-elementor-container-inner elementor-section-height-default elementor-section-height-default qodef-section qodef-parallax-section-holder-touch-disabled qodef-parallax-section-no qodef-section-with-no-shadow\" data-id=\"d231e74\" data-element_type=\"section\" data-settings=\"{&quot;background_background&quot;:&quot;classic&quot;}\">\n\t\t\t\t\t\t<div class=\"elementor-container elementor-column-gap-default\">\n\t\t\t\t\t<div class=\"elementor-column elementor-col-50 elementor-top-column elementor-element elementor-element-a4cd7db\" data-id=\"a4cd7db\" data-element_type=\"column\">\n\t\t\t<div class=\"elementor-widget-wrap elementor-element-populated\">\n\t\t\t\t\t\t<div class=\"elementor-element elementor-element-da01f26 elementor-widget elementor-widget-video\" data-id=\"da01f26\" data-element_type=\"widget\" data-settings=\"{&quot;video_type&quot;:&quot;hosted&quot;,&quot;loop&quot;:&quot;yes&quot;,&quot;controls&quot;:&quot;yes&quot;}\" data-widget_type=\"video.default\">\n\t\t\t\t\t\t\t<div class=\"e-hosted-video elementor-wrapper elementor-open-inline\">\n\t\t\t\t\t<video class=\"elementor-video\" src=\"https:\/\/tamojuntobb.com.br\/fortaleza\/wp-content\/uploads\/2025\/10\/TAMO-JUNTO-BB-2.mp4\" loop=\"\" controls=\"\" preload=\"metadata\" controlsList=\"nodownload\"><\/video>\n\t\t\t\t<\/div>\n\t\t\t\t\t\t<\/div>\n\t\t\t\t\t<\/div>\n\t\t<\/div>\n\t\t\t\t<div class=\"elementor-column elementor-col-50 elementor-top-column elementor-element elementor-element-1cb0119\" data-id=\"1cb0119\" data-element_type=\"column\">\n\t\t\t<div class=\"elementor-widget-wrap elementor-element-populated\">\n\t\t\t\t\t\t<div class=\"elementor-element elementor-element-d88d7c2 elementor-widget elementor-widget-text-editor\" data-id=\"d88d7c2\" data-element_type=\"widget\" data-widget_type=\"text-editor.default\">\n\t\t\t\t\t\t\t\t\t<h5><span style=\"color: #0000ff;\">Fortalecimento da Cidadania<\/span><\/h5>\t\t\t\t\t\t\t\t<\/div>\n\t\t\t\t<div class=\"elementor-element elementor-element-a99eead elementor-widget elementor-widget-text-editor\" data-id=\"a99eead\" data-element_type=\"widget\" data-widget_type=\"text-editor.default\">\n\t\t\t\t\t\t\t\t\t<h3><span style=\"color: #333399;\">Patroc\u00ednio com Prop\u00f3sito<\/span><\/h3>\t\t\t\t\t\t\t\t<\/div>\n\t\t\t\t<div class=\"elementor-element elementor-element-10392ec elementor-widget elementor-widget-text-editor\" data-id=\"10392ec\" data-element_type=\"widget\" data-widget_type=\"text-editor.default\">\n\t\t\t\t\t\t\t\t\t<p><span style=\"font-weight: 400;\">o Banco do Brasil investe em cultura, esporte e educa\u00e7\u00e3o sempre conectado ao impacto social. Isso transforma cada a\u00e7\u00e3o em uma plataforma de fortalecimento da cidadania. <\/span><span style=\"font-weight: 400;\">Esse alinhamento garante que o TMJBB seja mais do que um evento patrocinado: ele \u00e9 uma extens\u00e3o da agenda de impacto socioambiental do Banco do Brasil.<\/span><\/p>\t\t\t\t\t\t\t\t<\/div>\n\t\t\t\t\t<\/div>\n\t\t<\/div>\n\t\t\t\t\t<\/div>\n\t\t<\/section>\n\t\t\t\t<\/div>\n\t\t","protected":false},"excerpt":{"rendered":"<p>MANIFESTO Quando todos est\u00e3o juntos, ningu\u00e9m fica de fora! Esse \u00e9 o esp\u00edrito do Festival Tamo Junto BB 2025, que&#8230;<\/p>\n","protected":false},"author":3,"featured_media":0,"parent":0,"menu_order":0,"comment_status":"closed","ping_status":"closed","template":"full-width.php","meta":{"footnotes":""},"class_list":["post-11870","page","type-page","status-publish","hentry"],"_links":{"self":[{"href":"https:\/\/tamojuntobb.com.br\/fortaleza\/wp-json\/wp\/v2\/pages\/11870","targetHints":{"allow":["GET"]}}],"collection":[{"href":"https:\/\/tamojuntobb.com.br\/fortaleza\/wp-json\/wp\/v2\/pages"}],"about":[{"href":"https:\/\/tamojuntobb.com.br\/fortaleza\/wp-json\/wp\/v2\/types\/page"}],"author":[{"embeddable":true,"href":"https:\/\/tamojuntobb.com.br\/fortaleza\/wp-json\/wp\/v2\/users\/3"}],"replies":[{"embeddable":true,"href":"https:\/\/tamojuntobb.com.br\/fortaleza\/wp-json\/wp\/v2\/comments?post=11870"}],"version-history":[{"count":418,"href":"https:\/\/tamojuntobb.com.br\/fortaleza\/wp-json\/wp\/v2\/pages\/11870\/revisions"}],"predecessor-version":[{"id":15521,"href":"https:\/\/tamojuntobb.com.br\/fortaleza\/wp-json\/wp\/v2\/pages\/11870\/revisions\/15521"}],"wp:attachment":[{"href":"https:\/\/tamojuntobb.com.br\/fortaleza\/wp-json\/wp\/v2\/media?parent=11870"}],"curies":[{"name":"wp","href":"https:\/\/api.w.org\/{rel}","templated":true}]}}